{"id":6248,"date":"2022-12-15T19:21:01","date_gmt":"2022-12-15T18:21:01","guid":{"rendered":"https:\/\/www.veloclublapomme.com\/?page_id=6248"},"modified":"2026-03-10T11:20:35","modified_gmt":"2026-03-10T10:20:35","slug":"les-partenaires-institutionnels","status":"publish","type":"page","link":"https:\/\/www.veloclublapomme.com\/index.php\/les-partenaires-institutionnels\/","title":{"rendered":"Les partenaires institutionnels"},"content":{"rendered":"<p>[et_pb_section fb_built=\u00a0\u00bb1&Prime; admin_label=\u00a0\u00bbSponsor\u00a0\u00bb _builder_version=\u00a0\u00bb4.16&Prime; custom_padding=\u00a0\u00bb||307px|||\u00a0\u00bb global_colors_info=\u00a0\u00bb{}\u00a0\u00bb][et_pb_row _builder_version=\u00a0\u00bb4.16&Prime; global_colors_info=\u00a0\u00bb{}\u00a0\u00bb][et_pb_column type=\u00a0\u00bb4_4&Prime; _builder_version=\u00a0\u00bb4.16&Prime; custom_padding=\u00a0\u00bb|||\u00a0\u00bb global_colors_info=\u00a0\u00bb{}\u00a0\u00bb custom_padding__hover=\u00a0\u00bb|||\u00a0\u00bb][et_pb_text _builder_version=\u00a0\u00bb4.25.2&Prime; text_font=\u00a0\u00bb||||||||\u00a0\u00bb text_font_size=\u00a0\u00bb21px\u00a0\u00bb text_line_height=\u00a0\u00bb1.9em\u00a0\u00bb header_font=\u00a0\u00bb||||||||\u00a0\u00bb header_2_font=\u00a0\u00bbRoboto|300|||||||\u00a0\u00bb header_2_font_size=\u00a0\u00bb60px\u00a0\u00bb header_2_line_height=\u00a0\u00bb1.2em\u00a0\u00bb text_orientation=\u00a0\u00bbcenter\u00a0\u00bb max_width=\u00a0\u00bb700px\u00a0\u00bb max_width_tablet=\u00a0\u00bb\u00a0\u00bb max_width_phone=\u00a0\u00bb\u00a0\u00bb max_width_last_edited=\u00a0\u00bbon|desktop\u00a0\u00bb module_alignment=\u00a0\u00bbcenter\u00a0\u00bb header_2_font_size_tablet=\u00a0\u00bb40px\u00a0\u00bb header_2_font_size_phone=\u00a0\u00bb32px\u00a0\u00bb header_2_font_size_last_edited=\u00a0\u00bbon|phone\u00a0\u00bb global_colors_info=\u00a0\u00bb{}\u00a0\u00bb]<\/p>\n<h2><strong>Les partenaires institutionnels\u00a0<\/strong><\/h2>\n<p>Ils sont nos partenaires institutionnels pour la saison 2026\u00a0<\/p>\n<p>[\/et_pb_text][\/et_pb_column][\/et_pb_row][et_pb_row column_structure=\u00a0\u00bb1_4,1_4,1_4,1_4&Prime; _builder_version=\u00a0\u00bb4.16&Prime; custom_margin_tablet=\u00a0\u00bb\u00a0\u00bb custom_margin_phone=\u00a0\u00bb\u00a0\u00bb custom_margin_last_edited=\u00a0\u00bbon|phone\u00a0\u00bb global_colors_info=\u00a0\u00bb{}\u00a0\u00bb][et_pb_column type=\u00a0\u00bb1_4&Prime; _builder_version=\u00a0\u00bb4.16&Prime; custom_padding=\u00a0\u00bb|||\u00a0\u00bb global_colors_info=\u00a0\u00bb{}\u00a0\u00bb custom_padding__hover=\u00a0\u00bb|||\u00a0\u00bb][et_pb_image src=\u00a0\u00bbhttps:\/\/www.veloclublapomme.com\/wp-content\/uploads\/2024\/06\/26-DEPARTEMENT-DES-BOUCHES-DU-RHONE.png\u00a0\u00bb title_text=\u00a0\u00bbD\u00e9partement des Bouches-du-Rh\u00f4ne\u00a0\u00bb url=\u00a0\u00bbhttps:\/\/www.departement13.fr\/\u00a0\u00bb url_new_window=\u00a0\u00bbon\u00a0\u00bb align_tablet=\u00a0\u00bbcenter\u00a0\u00bb align_phone=\u00a0\u00bbcenter\u00a0\u00bb align_last_edited=\u00a0\u00bbon|desktop\u00a0\u00bb _builder_version=\u00a0\u00bb4.25.2&Prime; module_alignment=\u00a0\u00bbcenter\u00a0\u00bb custom_margin=\u00a0\u00bb|||\u00a0\u00bb animation_style=\u00a0\u00bbzoom\u00a0\u00bb animation_direction=\u00a0\u00bbbottom\u00a0\u00bb animation_intensity_zoom=\u00a0\u00bb10%\u00a0\u00bb global_colors_info=\u00a0\u00bb{}\u00a0\u00bb][\/et_pb_image][\/et_pb_column][et_pb_column type=\u00a0\u00bb1_4&Prime; _builder_version=\u00a0\u00bb4.16&Prime; custom_padding=\u00a0\u00bb|||\u00a0\u00bb global_colors_info=\u00a0\u00bb{}\u00a0\u00bb custom_padding__hover=\u00a0\u00bb|||\u00a0\u00bb][et_pb_image src=\u00a0\u00bbhttps:\/\/www.veloclublapomme.com\/wp-content\/uploads\/2024\/06\/25-VILLE-DE-MARSEILLE.png\u00a0\u00bb title_text=\u00a0\u00bbVille de Marseille\u00a0\u00bb url=\u00a0\u00bbhttps:\/\/www.marseille.fr\/\u00a0\u00bb url_new_window=\u00a0\u00bbon\u00a0\u00bb align_tablet=\u00a0\u00bbcenter\u00a0\u00bb align_phone=\u00a0\u00bbcenter\u00a0\u00bb align_last_edited=\u00a0\u00bbon|desktop\u00a0\u00bb _builder_version=\u00a0\u00bb4.25.2&Prime; module_alignment=\u00a0\u00bbcenter\u00a0\u00bb custom_margin=\u00a0\u00bb|||\u00a0\u00bb animation_style=\u00a0\u00bbzoom\u00a0\u00bb animation_direction=\u00a0\u00bbbottom\u00a0\u00bb animation_intensity_zoom=\u00a0\u00bb10%\u00a0\u00bb global_colors_info=\u00a0\u00bb{}\u00a0\u00bb][\/et_pb_image][\/et_pb_column][et_pb_column type=\u00a0\u00bb1_4&Prime; _builder_version=\u00a0\u00bb4.16&Prime; custom_padding=\u00a0\u00bb|||\u00a0\u00bb global_colors_info=\u00a0\u00bb{}\u00a0\u00bb custom_padding__hover=\u00a0\u00bb|||\u00a0\u00bb][et_pb_image src=\u00a0\u00bbhttps:\/\/www.veloclublapomme.com\/wp-content\/uploads\/2024\/06\/27-REGION-SUD-PACA.png\u00a0\u00bb title_text=\u00a0\u00bbR\u00e9gion SUD PACA\u00a0\u00bb url=\u00a0\u00bbhttps:\/\/www.maregionsud.fr\/\u00a0\u00bb url_new_window=\u00a0\u00bbon\u00a0\u00bb align_tablet=\u00a0\u00bbcenter\u00a0\u00bb align_phone=\u00a0\u00bbcenter\u00a0\u00bb align_last_edited=\u00a0\u00bbon|desktop\u00a0\u00bb _builder_version=\u00a0\u00bb4.25.2&Prime; module_alignment=\u00a0\u00bbcenter\u00a0\u00bb custom_margin=\u00a0\u00bb|||\u00a0\u00bb animation_style=\u00a0\u00bbzoom\u00a0\u00bb animation_direction=\u00a0\u00bbbottom\u00a0\u00bb animation_intensity_zoom=\u00a0\u00bb10%\u00a0\u00bb global_colors_info=\u00a0\u00bb{}\u00a0\u00bb][\/et_pb_image][\/et_pb_column][et_pb_column type=\u00a0\u00bb1_4&Prime; _builder_version=\u00a0\u00bb4.16&Prime; custom_padding=\u00a0\u00bb|||\u00a0\u00bb global_colors_info=\u00a0\u00bb{}\u00a0\u00bb custom_padding__hover=\u00a0\u00bb|||\u00a0\u00bb][et_pb_image src=\u00a0\u00bbhttps:\/\/www.veloclublapomme.com\/wp-content\/uploads\/2024\/06\/30-AIX-MARSEILLE-PROVENCE-METROPOLE.png\u00a0\u00bb title_text=\u00a0\u00bbM\u00e9tropole Aix-Marseille Provence\u00a0\u00bb url=\u00a0\u00bbhttps:\/\/ampmetropole.fr\/\u00a0\u00bb url_new_window=\u00a0\u00bbon\u00a0\u00bb align_tablet=\u00a0\u00bbcenter\u00a0\u00bb align_phone=\u00a0\u00bbcenter\u00a0\u00bb align_last_edited=\u00a0\u00bbon|desktop\u00a0\u00bb _builder_version=\u00a0\u00bb4.25.2&Prime; module_alignment=\u00a0\u00bbcenter\u00a0\u00bb custom_margin=\u00a0\u00bb|||\u00a0\u00bb animation_style=\u00a0\u00bbzoom\u00a0\u00bb animation_direction=\u00a0\u00bbbottom\u00a0\u00bb animation_intensity_zoom=\u00a0\u00bb10%\u00a0\u00bb global_colors_info=\u00a0\u00bb{}\u00a0\u00bb][\/et_pb_image][\/et_pb_column][\/et_pb_row][et_pb_row column_structure=\u00a0\u00bb1_4,1_4,1_4,1_4&Prime; _builder_version=\u00a0\u00bb4.16&Prime; global_colors_info=\u00a0\u00bb{}\u00a0\u00bb][et_pb_column type=\u00a0\u00bb1_4&Prime; _builder_version=\u00a0\u00bb4.16&Prime; custom_padding=\u00a0\u00bb|||\u00a0\u00bb global_colors_info=\u00a0\u00bb{}\u00a0\u00bb custom_padding__hover=\u00a0\u00bb|||\u00a0\u00bb][et_pb_image src=\u00a0\u00bbhttps:\/\/www.veloclublapomme.com\/wp-content\/uploads\/2024\/06\/28-MARSEILLE-1112.png\u00a0\u00bb title_text=\u00a0\u00bbMairie des 11e &#038; 12 Arr.\u00a0\u00bb url=\u00a0\u00bbhttps:\/\/marseille1112.fr\/\u00a0\u00bb url_new_window=\u00a0\u00bbon\u00a0\u00bb align_tablet=\u00a0\u00bbcenter\u00a0\u00bb align_phone=\u00a0\u00bbcenter\u00a0\u00bb align_last_edited=\u00a0\u00bbon|desktop\u00a0\u00bb _builder_version=\u00a0\u00bb4.25.2&Prime; module_alignment=\u00a0\u00bbcenter\u00a0\u00bb custom_margin=\u00a0\u00bb|||\u00a0\u00bb animation_style=\u00a0\u00bbzoom\u00a0\u00bb animation_direction=\u00a0\u00bbbottom\u00a0\u00bb animation_intensity_zoom=\u00a0\u00bb10%\u00a0\u00bb global_colors_info=\u00a0\u00bb{}\u00a0\u00bb][\/et_pb_image][\/et_pb_column][et_pb_column type=\u00a0\u00bb1_4&Prime; _builder_version=\u00a0\u00bb4.16&Prime; custom_padding=\u00a0\u00bb|||\u00a0\u00bb global_colors_info=\u00a0\u00bb{}\u00a0\u00bb custom_padding__hover=\u00a0\u00bb|||\u00a0\u00bb][et_pb_image src=\u00a0\u00bbhttps:\/\/www.veloclublapomme.com\/wp-content\/uploads\/2024\/06\/31-REPUBLIQUE-FRANCAISE.png\u00a0\u00bb title_text=\u00a0\u00bbR\u00e9publique Fran\u00e7aise\u00a0\u00bb url=\u00a0\u00bbhttps:\/\/www.info.gouv.fr\/\u00a0\u00bb url_new_window=\u00a0\u00bbon\u00a0\u00bb align_tablet=\u00a0\u00bbcenter\u00a0\u00bb align_phone=\u00a0\u00bbcenter\u00a0\u00bb align_last_edited=\u00a0\u00bbon|desktop\u00a0\u00bb _builder_version=\u00a0\u00bb4.25.2&Prime; module_alignment=\u00a0\u00bbcenter\u00a0\u00bb custom_margin=\u00a0\u00bb|||\u00a0\u00bb global_colors_info=\u00a0\u00bb{}\u00a0\u00bb][\/et_pb_image][\/et_pb_column][et_pb_column type=\u00a0\u00bb1_4&Prime; _builder_version=\u00a0\u00bb4.16&Prime; custom_padding=\u00a0\u00bb|||\u00a0\u00bb global_colors_info=\u00a0\u00bb{}\u00a0\u00bb custom_padding__hover=\u00a0\u00bb|||\u00a0\u00bb][et_pb_image src=\u00a0\u00bbhttps:\/\/www.veloclublapomme.com\/wp-content\/uploads\/2024\/06\/29-AGENCE-NATIONALE-DU-SPORT.png\u00a0\u00bb title_text=\u00a0\u00bbAgence Nationale du Sport\u00a0\u00bb url=\u00a0\u00bbhttps:\/\/www.agencedusport.fr\/\u00a0\u00bb url_new_window=\u00a0\u00bbon\u00a0\u00bb align_tablet=\u00a0\u00bbcenter\u00a0\u00bb align_phone=\u00a0\u00bbcenter\u00a0\u00bb align_last_edited=\u00a0\u00bbon|desktop\u00a0\u00bb _builder_version=\u00a0\u00bb4.25.2&Prime; module_alignment=\u00a0\u00bbcenter\u00a0\u00bb custom_margin=\u00a0\u00bb|||\u00a0\u00bb animation_style=\u00a0\u00bbzoom\u00a0\u00bb animation_direction=\u00a0\u00bbbottom\u00a0\u00bb animation_intensity_zoom=\u00a0\u00bb10%\u00a0\u00bb global_colors_info=\u00a0\u00bb{}\u00a0\u00bb][\/et_pb_image][\/et_pb_column][et_pb_column type=\u00a0\u00bb1_4&Prime; _builder_version=\u00a0\u00bb4.16&Prime; custom_padding=\u00a0\u00bb|||\u00a0\u00bb global_colors_info=\u00a0\u00bb{}\u00a0\u00bb custom_padding__hover=\u00a0\u00bb|||\u00a0\u00bb][et_pb_image src=\u00a0\u00bbhttps:\/\/www.veloclublapomme.com\/wp-content\/uploads\/2024\/06\/32-FEDERATION-FRANCAISE-DE-CYCLISME.png\u00a0\u00bb title_text=\u00a0\u00bbF\u00e9d\u00e9ration Fran\u00e7aise de Cyclisme\u00a0\u00bb url=\u00a0\u00bbhttps:\/\/ffc.fr\/\u00a0\u00bb align_tablet=\u00a0\u00bbcenter\u00a0\u00bb align_phone=\u00a0\u00bbcenter\u00a0\u00bb align_last_edited=\u00a0\u00bbon|desktop\u00a0\u00bb _builder_version=\u00a0\u00bb4.25.2&Prime; module_alignment=\u00a0\u00bbcenter\u00a0\u00bb custom_margin=\u00a0\u00bb|||\u00a0\u00bb animation_style=\u00a0\u00bbzoom\u00a0\u00bb animation_direction=\u00a0\u00bbbottom\u00a0\u00bb animation_intensity_zoom=\u00a0\u00bb10%\u00a0\u00bb global_colors_info=\u00a0\u00bb{}\u00a0\u00bb][\/et_pb_image][\/et_pb_column][\/et_pb_row][\/et_pb_section]<\/p>\n","protected":false},"excerpt":{"rendered":"<p>Les partenaires institutionnels\u00a0 Ils sont nos partenaires institutionnels pour la saison 2026\u00a0<\/p>\n","protected":false},"author":1,"featured_media":0,"parent":0,"menu_order":0,"comment_status":"closed","ping_status":"closed","template":"","meta":{"_et_pb_use_builder":"on","_et_pb_old_content":"","_et_gb_content_width":"","footnotes":""},"class_list":["post-6248","page","type-page","status-publish","hentry"],"aioseo_notices":[],"aioseo_head":"\n\t\t<!-- All in One SEO 4.9.10 - aioseo.com -->\n\t<meta name=\"description\" content=\"Les partenaires institutionnels Ils sont nos partenaires institutionnels pour la saison 2026\" \/>\n\t<meta name=\"robots\" content=\"max-image-preview:large\" \/>\n\t<meta name=\"google-site-verification\" content=\"ZWIsZZVRjqYSRzZ5_1zMbboz1BbxDTkp5SOJQtNsQjw\" \/>\n\t<link rel=\"canonical\" href=\"https:\/\/www.veloclublapomme.com\/index.php\/les-partenaires-institutionnels\/\" \/>\n\t<meta name=\"generator\" content=\"All in One SEO (AIOSEO) 4.9.10\" \/>\n\t\t<meta property=\"og:locale\" content=\"fr_FR\" \/>\n\t\t<meta property=\"og:site_name\" content=\"V\u00e9lo Club La Pomme Marseille -\" \/>\n\t\t<meta property=\"og:type\" content=\"article\" \/>\n\t\t<meta property=\"og:title\" content=\"Les partenaires institutionnels - V\u00e9lo Club La Pomme Marseille\" \/>\n\t\t<meta property=\"og:description\" content=\"Les partenaires institutionnels Ils sont nos partenaires institutionnels pour la saison 2026\" \/>\n\t\t<meta property=\"og:url\" content=\"https:\/\/www.veloclublapomme.com\/index.php\/les-partenaires-institutionnels\/\" \/>\n\t\t<meta property=\"article:published_time\" content=\"2022-12-15T18:21:01+00:00\" \/>\n\t\t<meta property=\"article:modified_time\" content=\"2026-03-10T10:20:35+00:00\" \/>\n\t\t<meta name=\"twitter:card\" content=\"summary_large_image\" \/>\n\t\t<meta name=\"twitter:title\" content=\"Les partenaires institutionnels - V\u00e9lo Club La Pomme Marseille\" \/>\n\t\t<meta name=\"twitter:description\" content=\"Les partenaires institutionnels Ils sont nos partenaires institutionnels pour la saison 2026\" \/>\n\t\t<script type=\"application\/ld+json\" class=\"aioseo-schema\">\n\t\t\t{\"@context\":\"https:\\\/\\\/schema.org\",\"@graph\":[{\"@type\":\"BreadcrumbList\",\"@id\":\"https:\\\/\\\/www.veloclublapomme.com\\\/index.php\\\/les-partenaires-institutionnels\\\/#breadcrumblist\",\"itemListElement\":[{\"@type\":\"ListItem\",\"@id\":\"https:\\\/\\\/www.veloclublapomme.com#listItem\",\"position\":1,\"name\":\"Home\",\"item\":\"https:\\\/\\\/www.veloclublapomme.com\",\"nextItem\":{\"@type\":\"ListItem\",\"@id\":\"https:\\\/\\\/www.veloclublapomme.com\\\/index.php\\\/les-partenaires-institutionnels\\\/#listItem\",\"name\":\"Les partenaires institutionnels\"}},{\"@type\":\"ListItem\",\"@id\":\"https:\\\/\\\/www.veloclublapomme.com\\\/index.php\\\/les-partenaires-institutionnels\\\/#listItem\",\"position\":2,\"name\":\"Les partenaires institutionnels\",\"previousItem\":{\"@type\":\"ListItem\",\"@id\":\"https:\\\/\\\/www.veloclublapomme.com#listItem\",\"name\":\"Home\"}}]},{\"@type\":\"Organization\",\"@id\":\"https:\\\/\\\/www.veloclublapomme.com\\\/#organization\",\"name\":\"V\\u00e9lo Club La Pomme Marseille\",\"url\":\"https:\\\/\\\/www.veloclublapomme.com\\\/\"},{\"@type\":\"WebPage\",\"@id\":\"https:\\\/\\\/www.veloclublapomme.com\\\/index.php\\\/les-partenaires-institutionnels\\\/#webpage\",\"url\":\"https:\\\/\\\/www.veloclublapomme.com\\\/index.php\\\/les-partenaires-institutionnels\\\/\",\"name\":\"Les partenaires institutionnels - V\\u00e9lo Club La Pomme Marseille\",\"description\":\"Les partenaires institutionnels Ils sont nos partenaires institutionnels pour la saison 2026\",\"inLanguage\":\"fr-FR\",\"isPartOf\":{\"@id\":\"https:\\\/\\\/www.veloclublapomme.com\\\/#website\"},\"breadcrumb\":{\"@id\":\"https:\\\/\\\/www.veloclublapomme.com\\\/index.php\\\/les-partenaires-institutionnels\\\/#breadcrumblist\"},\"datePublished\":\"2022-12-15T19:21:01+01:00\",\"dateModified\":\"2026-03-10T11:20:35+01:00\"},{\"@type\":\"WebSite\",\"@id\":\"https:\\\/\\\/www.veloclublapomme.com\\\/#website\",\"url\":\"https:\\\/\\\/www.veloclublapomme.com\\\/\",\"name\":\"V\\u00e9lo Club La Pomme Marseille\",\"inLanguage\":\"fr-FR\",\"publisher\":{\"@id\":\"https:\\\/\\\/www.veloclublapomme.com\\\/#organization\"}}]}\n\t\t<\/script>\n\t\t<!-- All in One SEO -->\n\n","aioseo_head_json":{"title":"Les partenaires institutionnels - V\u00e9lo Club La Pomme Marseille","description":"Les partenaires institutionnels Ils sont nos partenaires institutionnels pour la saison 2026","canonical_url":"https:\/\/www.veloclublapomme.com\/index.php\/les-partenaires-institutionnels\/","robots":"max-image-preview:large","keywords":"","webmasterTools":{"google-site-verification":"ZWIsZZVRjqYSRzZ5_1zMbboz1BbxDTkp5SOJQtNsQjw","miscellaneous":""},"schema":{"@context":"https:\/\/schema.org","@graph":[{"@type":"BreadcrumbList","@id":"https:\/\/www.veloclublapomme.com\/index.php\/les-partenaires-institutionnels\/#breadcrumblist","itemListElement":[{"@type":"ListItem","@id":"https:\/\/www.veloclublapomme.com#listItem","position":1,"name":"Home","item":"https:\/\/www.veloclublapomme.com","nextItem":{"@type":"ListItem","@id":"https:\/\/www.veloclublapomme.com\/index.php\/les-partenaires-institutionnels\/#listItem","name":"Les partenaires institutionnels"}},{"@type":"ListItem","@id":"https:\/\/www.veloclublapomme.com\/index.php\/les-partenaires-institutionnels\/#listItem","position":2,"name":"Les partenaires institutionnels","previousItem":{"@type":"ListItem","@id":"https:\/\/www.veloclublapomme.com#listItem","name":"Home"}}]},{"@type":"Organization","@id":"https:\/\/www.veloclublapomme.com\/#organization","name":"V\u00e9lo Club La Pomme Marseille","url":"https:\/\/www.veloclublapomme.com\/"},{"@type":"WebPage","@id":"https:\/\/www.veloclublapomme.com\/index.php\/les-partenaires-institutionnels\/#webpage","url":"https:\/\/www.veloclublapomme.com\/index.php\/les-partenaires-institutionnels\/","name":"Les partenaires institutionnels - V\u00e9lo Club La Pomme Marseille","description":"Les partenaires institutionnels Ils sont nos partenaires institutionnels pour la saison 2026","inLanguage":"fr-FR","isPartOf":{"@id":"https:\/\/www.veloclublapomme.com\/#website"},"breadcrumb":{"@id":"https:\/\/www.veloclublapomme.com\/index.php\/les-partenaires-institutionnels\/#breadcrumblist"},"datePublished":"2022-12-15T19:21:01+01:00","dateModified":"2026-03-10T11:20:35+01:00"},{"@type":"WebSite","@id":"https:\/\/www.veloclublapomme.com\/#website","url":"https:\/\/www.veloclublapomme.com\/","name":"V\u00e9lo Club La Pomme Marseille","inLanguage":"fr-FR","publisher":{"@id":"https:\/\/www.veloclublapomme.com\/#organization"}}]},"og:locale":"fr_FR","og:site_name":"V\u00e9lo Club La Pomme Marseille -","og:type":"article","og:title":"Les partenaires institutionnels - V\u00e9lo Club La Pomme Marseille","og:description":"Les partenaires institutionnels Ils sont nos partenaires institutionnels pour la saison 2026","og:url":"https:\/\/www.veloclublapomme.com\/index.php\/les-partenaires-institutionnels\/","article:published_time":"2022-12-15T18:21:01+00:00","article:modified_time":"2026-03-10T10:20:35+00:00","twitter:card":"summary_large_image","twitter:title":"Les partenaires institutionnels - V\u00e9lo Club La Pomme Marseille","twitter:description":"Les partenaires institutionnels Ils sont nos partenaires institutionnels pour la saison 2026"},"aioseo_meta_data":{"post_id":"6248","title":null,"description":null,"keywords":null,"keyphrases":{"focus":{"keyphrase":"","score":0,"analysis":{"keyphraseInTitle":{"score":0,"maxScore":9,"error":1}}},"additional":[]},"primary_term":null,"canonical_url":null,"og_title":null,"og_description":null,"og_object_type":"default","og_image_type":"default","og_image_url":null,"og_image_width":null,"og_image_height":null,"og_image_custom_url":null,"og_image_custom_fields":null,"og_video":"","og_custom_url":null,"og_article_section":null,"og_article_tags":null,"twitter_use_og":false,"twitter_card":"default","twitter_image_type":"default","twitter_image_url":null,"twitter_image_custom_url":null,"twitter_image_custom_fields":null,"twitter_title":null,"twitter_description":null,"schema":{"blockGraphs":[],"customGraphs":[],"default":{"data":{"Article":[],"Course":[],"Dataset":[],"FAQPage":[],"Movie":[],"Person":[],"Product":[],"ProductReview":[],"Car":[],"Recipe":[],"Service":[],"SoftwareApplication":[],"WebPage":[]},"graphName":"WebPage","isEnabled":true},"graphs":[]},"schema_type":"default","schema_type_options":null,"pillar_content":false,"robots_default":true,"robots_noindex":false,"robots_noarchive":false,"robots_nosnippet":false,"robots_nofollow":false,"robots_noimageindex":false,"robots_noodp":false,"robots_notranslate":false,"robots_max_snippet":"-1","robots_max_videopreview":"-1","robots_max_imagepreview":"large","priority":null,"frequency":"default","local_seo":null,"breadcrumb_settings":null,"limit_modified_date":false,"ai":{"faqs":[],"keyPoints":[],"titles":[],"descriptions":[],"socialPosts":{"email":[],"linkedin":[],"twitter":[],"facebook":[],"instagram":[]}},"created":"2023-12-28 20:25:42","updated":"2026-03-10 10:21:58","seo_analyzer_scan_date":null},"aioseo_breadcrumb":"<div class=\"aioseo-breadcrumbs\"><span class=\"aioseo-breadcrumb\">\n\t\t\t<a href=\"https:\/\/www.veloclublapomme.com\" title=\"Home\">Home<\/a>\n\t\t<\/span><span class=\"aioseo-breadcrumb-separator\">&raquo;<\/span><span class=\"aioseo-breadcrumb\">\n\t\t\tLes partenaires institutionnels\n\t\t<\/span><\/div>","aioseo_breadcrumb_json":[{"label":"Home","link":"https:\/\/www.veloclublapomme.com"},{"label":"Les partenaires institutionnels","link":"https:\/\/www.veloclublapomme.com\/index.php\/les-partenaires-institutionnels\/"}],"_links":{"self":[{"href":"https:\/\/www.veloclublapomme.com\/index.php\/wp-json\/wp\/v2\/pages\/6248","targetHints":{"allow":["GET"]}}],"collection":[{"href":"https:\/\/www.veloclublapomme.com\/index.php\/wp-json\/wp\/v2\/pages"}],"about":[{"href":"https:\/\/www.veloclublapomme.com\/index.php\/wp-json\/wp\/v2\/types\/page"}],"author":[{"embeddable":true,"href":"https:\/\/www.veloclublapomme.com\/index.php\/wp-json\/wp\/v2\/users\/1"}],"replies":[{"embeddable":true,"href":"https:\/\/www.veloclublapomme.com\/index.php\/wp-json\/wp\/v2\/comments?post=6248"}],"version-history":[{"count":33,"href":"https:\/\/www.veloclublapomme.com\/index.php\/wp-json\/wp\/v2\/pages\/6248\/revisions"}],"predecessor-version":[{"id":4411546,"href":"https:\/\/www.veloclublapomme.com\/index.php\/wp-json\/wp\/v2\/pages\/6248\/revisions\/4411546"}],"wp:attachment":[{"href":"https:\/\/www.veloclublapomme.com\/index.php\/wp-json\/wp\/v2\/media?parent=6248"}],"curies":[{"name":"wp","href":"https:\/\/api.w.org\/{rel}","templated":true}]}}